{"id":148,"date":"2023-02-06T09:22:08","date_gmt":"2023-02-06T09:22:08","guid":{"rendered":"http:\/\/ajc.mnpreprod.com\/?page_id=148"},"modified":"2023-04-04T12:20:51","modified_gmt":"2023-04-04T12:20:51","slug":"auxerre-et-ses-environs","status":"publish","type":"page","link":"http:\/\/www.aujardinclos.com\/en\/auxerre-et-ses-environs","title":{"rendered":"Auxerre et ses environs"},"content":{"rendered":"<p><div class=\"fusion-fullwidth fullwidth-box fusion-builder-row-1 fusion-flex-container nonhundred-percent-fullwidth non-hundred-percent-height-scrolling\" style=\"background-color: rgba(255,255,255,0);background-position: center center;background-repeat: no-repeat;border-width: 0px 0px 0px 0px;border-color:#e2e2e2;border-style:solid;\" ><div class=\"fusion-builder-row fusion-row fusion-flex-align-items-flex-start\" style=\"max-width:1248px;margin-left: calc(-4% \/ 2 );margin-right: calc(-4% \/ 2 );\"><div class=\"fusion-layout-column fusion_builder_column fusion-builder-column-0 fusion_builder_column_1_1 1_1 fusion-flex-column\"><div class=\"fusion-column-wrapper fusion-flex-justify-content-flex-start fusion-content-layout-column\" style=\"background-position:left top;background-repeat:no-repeat;-webkit-background-size:cover;-moz-background-size:cover;-o-background-size:cover;background-size:cover;padding: 0px 0px 0px 20px;\"><style type=\"text\/css\">@media only screen and (max-width:1024px) {.fusion-title.fusion-title-1{margin-top:10px!important; margin-right:!important;margin-bottom:15px!important;margin-left:!important;}}@media only screen and (max-width:640px) {.fusion-title.fusion-title-1{margin-top:10px!important; margin-right:!important;margin-bottom:10px!important; margin-left:!important;}}<\/style><div class=\"fusion-title title fusion-title-1 fusion-sep-none fusion-title-center fusion-title-text fusion-title-size-one\" style=\"margin-top:10px;margin-bottom:15px;\"><h1 class=\"title-heading-center\" style=\"margin:0;\">Les lieux incontournables pour d\u00e9couvrir la vieille ville d\u2019Auxerre<\/h1><\/div><\/div><style type=\"text\/css\">.fusion-body .fusion-builder-column-0{width:100% !important;margin-top : 0px;margin-bottom : 0px;}.fusion-builder-column-0 > .fusion-column-wrapper {padding-top : 0px !important;padding-right : 0px !important;margin-right : 0;padding-bottom : 0px !important;padding-left : 20px !important;margin-left : 0;}@media only screen and (max-width:1024px) {.fusion-body .fusion-builder-column-0{width:100% !important;order : 0;}.fusion-builder-column-0 > .fusion-column-wrapper {margin-right : 0;margin-left : 0;}}@media only screen and (max-width:640px) {.fusion-body .fusion-builder-column-0{width:100% !important;order : 0;}.fusion-builder-column-0 > .fusion-column-wrapper {margin-right : 1.92%;margin-left : 1.92%;}}<\/style><\/div><\/div><style type=\"text\/css\">.fusion-body .fusion-flex-container.fusion-builder-row-1{ padding-top : 0px;margin-top : 0px;padding-right : 0px;padding-bottom : 40px;margin-bottom : 0px;padding-left : 0px;}<\/style><\/div><div class=\"fusion-fullwidth fullwidth-box fusion-builder-row-2 fusion-flex-container nonhundred-percent-fullwidth non-hundred-percent-height-scrolling\" style=\"background-color: rgba(255,255,255,0);background-position: center center;background-repeat: no-repeat;border-width: 0px 0px 0px 0px;border-color:#e2e2e2;border-style:solid;\" ><div class=\"fusion-builder-row fusion-row fusion-flex-align-items-flex-start\" style=\"max-width:1248px;margin-left: calc(-4% \/ 2 );margin-right: calc(-4% \/ 2 );\"><div class=\"fusion-layout-column fusion_builder_column fusion-builder-column-1 fusion_builder_column_1_2 1_2 fusion-flex-column\"><div class=\"fusion-column-wrapper fusion-flex-justify-content-flex-start fusion-content-layout-column\" style=\"background-position:left top;background-repeat:no-repeat;-webkit-background-size:cover;-moz-background-size:cover;-o-background-size:cover;background-size:cover;padding: 0px 0px 0px 0px;\"><style type=\"text\/css\">@media only screen and (max-width:1024px) {.fusion-title.fusion-title-2{margin-top:10px!important; margin-right:!important;margin-bottom:15px!important;margin-left:!important;}}@media only screen and (max-width:640px) {.fusion-title.fusion-title-2{margin-top:10px!important; margin-right:!important;margin-bottom:10px!important; margin-left:!important;}}<\/style><div class=\"fusion-title title fusion-title-2 fusion-sep-none fusion-title-text fusion-title-size-three\" style=\"margin-top:10px;margin-bottom:15px;\"><h3 class=\"title-heading-left\" style=\"margin:0;\">L\u2019abbaye Saint-Germain (\u00e0 10 min de chez nous)<\/h3><\/div><div class=\"fusion-text fusion-text-1\"><p>Site majeur du patrimoine historique de l&rsquo;Yonne, l&rsquo;abbaye Saint-Germain d&rsquo;Auxerre, fond\u00e9e au Ve si\u00e8cle, est un monument incontournable pour les amateurs d&rsquo;art et d&rsquo;histoire. Elle fut construite autour du tombeau de Saint Germain (378 &#8211; 448), \u00e9v\u00eaque d&rsquo;Auxerre, personnage embl\u00e9matique du christianisme en Occident. Ses cryptes carolingiennes sont orn\u00e9es de fresques murales consid\u00e9r\u00e9es comme les plus anciennes de France. Le complexe monastique abrite \u00e9galement un mus\u00e9e d&rsquo;art et d&rsquo;histoire et propose une programmation culturelle.<\/p>\n<\/div><\/div><style type=\"text\/css\">.fusion-body .fusion-builder-column-1{width:50% !important;margin-top : 0px;margin-bottom : 20px;}.fusion-builder-column-1 > .fusion-column-wrapper {padding-top : 0px !important;padding-right : 0px !important;margin-right : 3.84%;padding-bottom : 0px !important;padding-left : 0px !important;margin-left : 3.84%;}@media only screen and (max-width:1024px) {.fusion-body .fusion-builder-column-1{width:50% !important;order : 0;}.fusion-builder-column-1 > .fusion-column-wrapper {margin-right : 3.84%;margin-left : 3.84%;}}@media only screen and (max-width:640px) {.fusion-body .fusion-builder-column-1{width:100% !important;order : 0;}.fusion-builder-column-1 > .fusion-column-wrapper {margin-right : 1.92%;margin-left : 1.92%;}}<\/style><\/div><div class=\"fusion-layout-column fusion_builder_column fusion-builder-column-2 fusion_builder_column_1_2 1_2 fusion-flex-column\"><div class=\"fusion-column-wrapper fusion-flex-justify-content-flex-start fusion-content-layout-column\" style=\"background-position:left top;background-repeat:no-repeat;-webkit-background-size:cover;-moz-background-size:cover;-o-background-size:cover;background-size:cover;padding: 0px 0px 0px 0px;\"><div style=\"text-align:center;\"><span class=\" fusion-imageframe imageframe-none imageframe-1 hover-type-none\"><a href=\"https:\/\/www.aujardinclos.com\/wp-content\/uploads\/2023\/02\/Abbaye-Saint-Germain-a-Auxerre-Au-Jardin-Clos.jpg\" class=\"fusion-lightbox\" data-rel=\"iLightbox[5c77cc0ef7fd8a45a89]\" data-title=\"Abbaye Saint-Germain \u00e0 Auxerre &#8211; Au Jardin Clos\" title=\"Abbaye Saint-Germain \u00e0 Auxerre &#8211; Au Jardin Clos\"><img decoding=\"async\" width=\"533\" height=\"800\" src=\"https:\/\/www.aujardinclos.com\/wp-content\/uploads\/2023\/02\/Abbaye-Saint-Germain-a-Auxerre-Au-Jardin-Clos.jpg\" class=\"img-responsive wp-image-316\" srcset=\"https:\/\/www.aujardinclos.com\/wp-content\/uploads\/2023\/02\/Abbaye-Saint-Germain-a-Auxerre-Au-Jardin-Clos-200x300.jpg 200w, https:\/\/www.aujardinclos.com\/wp-content\/uploads\/2023\/02\/Abbaye-Saint-Germain-a-Auxerre-Au-Jardin-Clos-400x600.jpg 400w, https:\/\/www.aujardinclos.com\/wp-content\/uploads\/2023\/02\/Abbaye-Saint-Germain-a-Auxerre-Au-Jardin-Clos.jpg 533w\" sizes=\"(max-width: 640px) 100vw, 533px\" \/><\/a><\/span><\/div><\/div><style type=\"text\/css\">.fusion-body .fusion-builder-column-2{width:50% !important;margin-top : 0px;margin-bottom : 20px;}.fusion-builder-column-2 > .fusion-column-wrapper {padding-top : 0px !important;padding-right : 0px !important;margin-right : 3.84%;padding-bottom : 0px !important;padding-left : 0px !important;margin-left : 3.84%;}@media only screen and (max-width:1024px) {.fusion-body .fusion-builder-column-2{width:50% !important;order : 0;}.fusion-builder-column-2 > .fusion-column-wrapper {margin-right : 3.84%;margin-left : 3.84%;}}@media only screen and (max-width:640px) {.fusion-body .fusion-builder-column-2{width:100% !important;order : 0;}.fusion-builder-column-2 > .fusion-column-wrapper {margin-right : 1.92%;margin-left : 1.92%;}}<\/style><\/div><\/div><style type=\"text\/css\">.fusion-body .fusion-flex-container.fusion-builder-row-2{ padding-top : 0px;margin-top : 50px;padding-right : 0px;padding-bottom : 0px;margin-bottom : 0px;padding-left : 0px;}<\/style><\/div><div class=\"fusion-fullwidth fullwidth-box fusion-builder-row-3 fusion-flex-container nonhundred-percent-fullwidth non-hundred-percent-height-scrolling\" style=\"background-color: rgba(255,255,255,0);background-position: center center;background-repeat: no-repeat;border-width: 0px 0px 0px 0px;border-color:#e2e2e2;border-style:solid;\" ><div class=\"fusion-builder-row fusion-row fusion-flex-align-items-flex-start\" style=\"max-width:1248px;margin-left: calc(-4% \/ 2 );margin-right: calc(-4% \/ 2 );\"><div class=\"fusion-layout-column fusion_builder_column fusion-builder-column-3 fusion_builder_column_1_2 1_2 fusion-flex-column\"><div class=\"fusion-column-wrapper fusion-flex-justify-content-flex-start fusion-content-layout-column\" style=\"background-position:left top;background-repeat:no-repeat;-webkit-background-size:cover;-moz-background-size:cover;-o-background-size:cover;background-size:cover;padding: 0px 0px 0px 0px;\"><div style=\"text-align:center;\"><span class=\" fusion-imageframe imageframe-none imageframe-2 hover-type-none\"><a href=\"https:\/\/www.aujardinclos.com\/wp-content\/uploads\/2023\/03\/Tour-de-lHorloge-a-Auxerre-Au-Jardin-Clos.jpg\" class=\"fusion-lightbox\" data-rel=\"iLightbox[9ec46c487c936e0ba55]\" data-title=\"Tour de l&rsquo;Horloge \u00e0 Auxerre &#8211; Au Jardin Clos\" title=\"Tour de l&rsquo;Horloge \u00e0 Auxerre &#8211; Au Jardin Clos\"><img decoding=\"async\" width=\"1600\" height=\"1067\" src=\"https:\/\/www.aujardinclos.com\/wp-content\/uploads\/2023\/03\/Tour-de-lHorloge-a-Auxerre-Au-Jardin-Clos.jpg\" class=\"img-responsive wp-image-317\" srcset=\"https:\/\/www.aujardinclos.com\/wp-content\/uploads\/2023\/03\/Tour-de-lHorloge-a-Auxerre-Au-Jardin-Clos-200x133.jpg 200w, https:\/\/www.aujardinclos.com\/wp-content\/uploads\/2023\/03\/Tour-de-lHorloge-a-Auxerre-Au-Jardin-Clos-400x267.jpg 400w, https:\/\/www.aujardinclos.com\/wp-content\/uploads\/2023\/03\/Tour-de-lHorloge-a-Auxerre-Au-Jardin-Clos-600x400.jpg 600w, https:\/\/www.aujardinclos.com\/wp-content\/uploads\/2023\/03\/Tour-de-lHorloge-a-Auxerre-Au-Jardin-Clos-800x534.jpg 800w, https:\/\/www.aujardinclos.com\/wp-content\/uploads\/2023\/03\/Tour-de-lHorloge-a-Auxerre-Au-Jardin-Clos-1200x800.jpg 1200w, https:\/\/www.aujardinclos.com\/wp-content\/uploads\/2023\/03\/Tour-de-lHorloge-a-Auxerre-Au-Jardin-Clos.jpg 1600w\" sizes=\"(max-width: 640px) 100vw, 600px\" \/><\/a><\/span><\/div><\/div><style type=\"text\/css\">.fusion-body .fusion-builder-column-3{width:50% !important;margin-top : 0px;margin-bottom : 20px;}.fusion-builder-column-3 > .fusion-column-wrapper {padding-top : 0px !important;padding-right : 0px !important;margin-right : 3.84%;padding-bottom : 0px !important;padding-left : 0px !important;margin-left : 3.84%;}@media only screen and (max-width:1024px) {.fusion-body .fusion-builder-column-3{width:50% !important;order : 0;}.fusion-builder-column-3 > .fusion-column-wrapper {margin-right : 3.84%;margin-left : 3.84%;}}@media only screen and (max-width:640px) {.fusion-body .fusion-builder-column-3{width:100% !important;order : 0;}.fusion-builder-column-3 > .fusion-column-wrapper {margin-right : 1.92%;margin-left : 1.92%;}}<\/style><\/div><div class=\"fusion-layout-column fusion_builder_column fusion-builder-column-4 fusion_builder_column_1_2 1_2 fusion-flex-column\"><div class=\"fusion-column-wrapper fusion-flex-justify-content-flex-start fusion-content-layout-column\" style=\"background-position:left top;background-repeat:no-repeat;-webkit-background-size:cover;-moz-background-size:cover;-o-background-size:cover;background-size:cover;padding: 0px 0px 0px 0px;\"><style type=\"text\/css\">@media only screen and (max-width:1024px) {.fusion-title.fusion-title-3{margin-top:10px!important; margin-right:!important;margin-bottom:15px!important;margin-left:!important;}}@media only screen and (max-width:640px) {.fusion-title.fusion-title-3{margin-top:10px!important; margin-right:!important;margin-bottom:10px!important; margin-left:!important;}}<\/style><div class=\"fusion-title title fusion-title-3 fusion-sep-none fusion-title-text fusion-title-size-three\" style=\"margin-top:10px;margin-bottom:15px;\"><h3 class=\"title-heading-left\" style=\"margin:0;\">La Tour de l\u2019Horloge (\u00e0 5 min de chez nous)<\/h3><\/div><div class=\"fusion-text fusion-text-2\"><p>La Tour de l\u2019Horloge fut construite au XVe si\u00e8cle. Elle fut utilis\u00e9e comme prison et fut transform\u00e9e en 1483 en horloge et en beffroi.<\/p>\n<p>Appuy\u00e9e \u00e0 la tour, une chambre contient le m\u00e9canisme de l\u2019horloge qui fonctionne depuis 1483, con\u00e7u par l\u2019ing\u00e9nieux horloger Jean. La particularit\u00e9 de l\u2019horloge provient de ses deux aiguilles : l\u2019une solaire (qui parcourt le cadran en 24 h), et l\u2019autre lunaire qui retarde d\u2019environ trois quarts d\u2019heure sur l\u2019autre. Cependant, les deux aiguilles se juxtaposent \u00e0 midi, \u00e0 la nouvelle lune, et \u00e0 minuit, \u00e0 la pleine lune.<\/p>\n<\/div><\/div><style type=\"text\/css\">.fusion-body .fusion-builder-column-4{width:50% !important;margin-top : 0px;margin-bottom : 20px;}.fusion-builder-column-4 > .fusion-column-wrapper {padding-top : 0px !important;padding-right : 0px !important;margin-right : 3.84%;padding-bottom : 0px !important;padding-left : 0px !important;margin-left : 3.84%;}@media only screen and (max-width:1024px) {.fusion-body .fusion-builder-column-4{width:50% !important;order : 0;}.fusion-builder-column-4 > .fusion-column-wrapper {margin-right : 3.84%;margin-left : 3.84%;}}@media only screen and (max-width:640px) {.fusion-body .fusion-builder-column-4{width:100% !important;order : 0;}.fusion-builder-column-4 > .fusion-column-wrapper {margin-right : 1.92%;margin-left : 1.92%;}}<\/style><\/div><\/div><style type=\"text\/css\">.fusion-body .fusion-flex-container.fusion-builder-row-3{ padding-top : 0px;margin-top : 50px;padding-right : 0px;padding-bottom : 0px;margin-bottom : 0px;padding-left : 0px;}<\/style><\/div><div class=\"fusion-fullwidth fullwidth-box fusion-builder-row-4 fusion-flex-container nonhundred-percent-fullwidth non-hundred-percent-height-scrolling\" style=\"background-color: rgba(255,255,255,0);background-position: center center;background-repeat: no-repeat;border-width: 0px 0px 0px 0px;border-color:#e2e2e2;border-style:solid;\" ><div class=\"fusion-builder-row fusion-row fusion-flex-align-items-flex-start\" style=\"max-width:1248px;margin-left: calc(-4% \/ 2 );margin-right: calc(-4% \/ 2 );\"><div class=\"fusion-layout-column fusion_builder_column fusion-builder-column-5 fusion_builder_column_1_2 1_2 fusion-flex-column\"><div class=\"fusion-column-wrapper fusion-flex-justify-content-flex-start fusion-content-layout-column\" style=\"background-position:left top;background-repeat:no-repeat;-webkit-background-size:cover;-moz-background-size:cover;-o-background-size:cover;background-size:cover;padding: 0px 0px 0px 0px;\"><style type=\"text\/css\">@media only screen and (max-width:1024px) {.fusion-title.fusion-title-4{margin-top:10px!important; margin-right:!important;margin-bottom:15px!important;margin-left:!important;}}@media only screen and (max-width:640px) {.fusion-title.fusion-title-4{margin-top:10px!important; margin-right:!important;margin-bottom:10px!important; margin-left:!important;}}<\/style><div class=\"fusion-title title fusion-title-4 fusion-sep-none fusion-title-text fusion-title-size-three\" style=\"margin-top:10px;margin-bottom:15px;\"><h3 class=\"title-heading-left\" style=\"margin:0;\">Le quartier de la Marine (\u00e0 5 min de chez nous)<\/h3><\/div><div class=\"fusion-text fusion-text-3\"><p>Le quartier de la marine, \u00e0 Auxerre, concentrait autrefois une forte activit\u00e9 li\u00e9e \u00e0 la rivi\u00e8re. Situ\u00e9 au bord de l\u2019Yonne, il accueillait les p\u00eacheurs, tanneurs, bateliers et marchands. Aujourd\u2019hui, c\u2019est un lieu de promenade o\u00f9 l&rsquo;on appr\u00e9cie les terrasses sur le bord de l&rsquo;Yonne.<\/p>\n<\/div><\/div><style type=\"text\/css\">.fusion-body .fusion-builder-column-5{width:50% !important;margin-top : 0px;margin-bottom : 20px;}.fusion-builder-column-5 > .fusion-column-wrapper {padding-top : 0px !important;padding-right : 0px !important;margin-right : 3.84%;padding-bottom : 0px !important;padding-left : 0px !important;margin-left : 3.84%;}@media only screen and (max-width:1024px) {.fusion-body .fusion-builder-column-5{width:50% !important;order : 0;}.fusion-builder-column-5 > .fusion-column-wrapper {margin-right : 3.84%;margin-left : 3.84%;}}@media only screen and (max-width:640px) {.fusion-body .fusion-builder-column-5{width:100% !important;order : 0;}.fusion-builder-column-5 > .fusion-column-wrapper {margin-right : 1.92%;margin-left : 1.92%;}}<\/style><\/div><div class=\"fusion-layout-column fusion_builder_column fusion-builder-column-6 fusion_builder_column_1_2 1_2 fusion-flex-column\"><div class=\"fusion-column-wrapper fusion-flex-justify-content-flex-start fusion-content-layout-column\" style=\"background-position:left top;background-repeat:no-repeat;-webkit-background-size:cover;-moz-background-size:cover;-o-background-size:cover;background-size:cover;padding: 0px 0px 0px 0px;\"><div style=\"text-align:center;\"><span class=\" fusion-imageframe imageframe-none imageframe-3 hover-type-none\"><a href=\"https:\/\/www.aujardinclos.com\/wp-content\/uploads\/2023\/03\/Quartier-de-la-Marine-a-Auxerre-Au-Jardin-Clos.jpg\" class=\"fusion-lightbox\" data-rel=\"iLightbox[01d86bbb67c2a5a867c]\" data-title=\"Quartier de la Marine \u00e0 Auxerre &#8211; Au Jardin Clos\" title=\"Quartier de la Marine \u00e0 Auxerre &#8211; Au Jardin Clos\"><img decoding=\"async\" width=\"1600\" height=\"1067\" src=\"https:\/\/www.aujardinclos.com\/wp-content\/uploads\/2023\/03\/Quartier-de-la-Marine-a-Auxerre-Au-Jardin-Clos.jpg\" class=\"img-responsive wp-image-318\" srcset=\"https:\/\/www.aujardinclos.com\/wp-content\/uploads\/2023\/03\/Quartier-de-la-Marine-a-Auxerre-Au-Jardin-Clos-200x133.jpg 200w, https:\/\/www.aujardinclos.com\/wp-content\/uploads\/2023\/03\/Quartier-de-la-Marine-a-Auxerre-Au-Jardin-Clos-400x267.jpg 400w, https:\/\/www.aujardinclos.com\/wp-content\/uploads\/2023\/03\/Quartier-de-la-Marine-a-Auxerre-Au-Jardin-Clos-600x400.jpg 600w, https:\/\/www.aujardinclos.com\/wp-content\/uploads\/2023\/03\/Quartier-de-la-Marine-a-Auxerre-Au-Jardin-Clos-800x534.jpg 800w, https:\/\/www.aujardinclos.com\/wp-content\/uploads\/2023\/03\/Quartier-de-la-Marine-a-Auxerre-Au-Jardin-Clos-1200x800.jpg 1200w, https:\/\/www.aujardinclos.com\/wp-content\/uploads\/2023\/03\/Quartier-de-la-Marine-a-Auxerre-Au-Jardin-Clos.jpg 1600w\" sizes=\"(max-width: 640px) 100vw, 600px\" \/><\/a><\/span><\/div><\/div><style type=\"text\/css\">.fusion-body .fusion-builder-column-6{width:50% !important;margin-top : 0px;margin-bottom : 20px;}.fusion-builder-column-6 > .fusion-column-wrapper {padding-top : 0px !important;padding-right : 0px !important;margin-right : 3.84%;padding-bottom : 0px !important;padding-left : 0px !important;margin-left : 3.84%;}@media only screen and (max-width:1024px) {.fusion-body .fusion-builder-column-6{width:50% !important;order : 0;}.fusion-builder-column-6 > .fusion-column-wrapper {margin-right : 3.84%;margin-left : 3.84%;}}@media only screen and (max-width:640px) {.fusion-body .fusion-builder-column-6{width:100% !important;order : 0;}.fusion-builder-column-6 > .fusion-column-wrapper {margin-right : 1.92%;margin-left : 1.92%;}}<\/style><\/div><\/div><style type=\"text\/css\">.fusion-body .fusion-flex-container.fusion-builder-row-4{ padding-top : 0px;margin-top : 50px;padding-right : 0px;padding-bottom : 0px;margin-bottom : 0px;padding-left : 0px;}<\/style><\/div><div class=\"fusion-fullwidth fullwidth-box fusion-builder-row-5 fusion-flex-container nonhundred-percent-fullwidth non-hundred-percent-height-scrolling\" style=\"background-color: rgba(255,255,255,0);background-position: center center;background-repeat: no-repeat;border-width: 0px 0px 0px 0px;border-color:#e2e2e2;border-style:solid;\" ><div class=\"fusion-builder-row fusion-row fusion-flex-align-items-flex-start\" style=\"max-width:1248px;margin-left: calc(-4% \/ 2 );margin-right: calc(-4% \/ 2 );\"><div class=\"fusion-layout-column fusion_builder_column fusion-builder-column-7 fusion_builder_column_1_2 1_2 fusion-flex-column\"><div class=\"fusion-column-wrapper fusion-flex-justify-content-flex-start fusion-content-layout-column\" style=\"background-position:left top;background-repeat:no-repeat;-webkit-background-size:cover;-moz-background-size:cover;-o-background-size:cover;background-size:cover;padding: 0px 0px 0px 0px;\"><div style=\"text-align:center;\"><span class=\" fusion-imageframe imageframe-none imageframe-4 hover-type-none\"><a href=\"https:\/\/www.aujardinclos.com\/wp-content\/uploads\/2023\/03\/Parcours-Cadet-Roussel-a-Auxerre-Au-Jardin-Clos.jpg\" class=\"fusion-lightbox\" data-rel=\"iLightbox[dc06d1c56ad64ce3989]\" data-title=\"Parcours Cadet Roussel \u00e0 Auxerre &#8211; Au Jardin Clos\" title=\"Parcours Cadet Roussel \u00e0 Auxerre &#8211; Au Jardin Clos\"><img decoding=\"async\" width=\"600\" height=\"800\" src=\"https:\/\/www.aujardinclos.com\/wp-content\/uploads\/2023\/03\/Parcours-Cadet-Roussel-a-Auxerre-Au-Jardin-Clos.jpg\" class=\"img-responsive wp-image-319\" srcset=\"https:\/\/www.aujardinclos.com\/wp-content\/uploads\/2023\/03\/Parcours-Cadet-Roussel-a-Auxerre-Au-Jardin-Clos-200x267.jpg 200w, https:\/\/www.aujardinclos.com\/wp-content\/uploads\/2023\/03\/Parcours-Cadet-Roussel-a-Auxerre-Au-Jardin-Clos-400x533.jpg 400w, https:\/\/www.aujardinclos.com\/wp-content\/uploads\/2023\/03\/Parcours-Cadet-Roussel-a-Auxerre-Au-Jardin-Clos.jpg 600w\" sizes=\"(max-width: 640px) 100vw, 600px\" \/><\/a><\/span><\/div><\/div><style type=\"text\/css\">.fusion-body .fusion-builder-column-7{width:50% !important;margin-top : 0px;margin-bottom : 20px;}.fusion-builder-column-7 > .fusion-column-wrapper {padding-top : 0px !important;padding-right : 0px !important;margin-right : 3.84%;padding-bottom : 0px !important;padding-left : 0px !important;margin-left : 3.84%;}@media only screen and (max-width:1024px) {.fusion-body .fusion-builder-column-7{width:50% !important;order : 0;}.fusion-builder-column-7 > .fusion-column-wrapper {margin-right : 3.84%;margin-left : 3.84%;}}@media only screen and (max-width:640px) {.fusion-body .fusion-builder-column-7{width:100% !important;order : 0;}.fusion-builder-column-7 > .fusion-column-wrapper {margin-right : 1.92%;margin-left : 1.92%;}}<\/style><\/div><div class=\"fusion-layout-column fusion_builder_column fusion-builder-column-8 fusion_builder_column_1_2 1_2 fusion-flex-column\"><div class=\"fusion-column-wrapper fusion-flex-justify-content-flex-start fusion-content-layout-column\" style=\"background-position:left top;background-repeat:no-repeat;-webkit-background-size:cover;-moz-background-size:cover;-o-background-size:cover;background-size:cover;padding: 0px 0px 0px 0px;\"><style type=\"text\/css\">@media only screen and (max-width:1024px) {.fusion-title.fusion-title-5{margin-top:10px!important; margin-right:!important;margin-bottom:15px!important;margin-left:!important;}}@media only screen and (max-width:640px) {.fusion-title.fusion-title-5{margin-top:10px!important; margin-right:!important;margin-bottom:10px!important; margin-left:!important;}}<\/style><div class=\"fusion-title title fusion-title-5 fusion-sep-none fusion-title-text fusion-title-size-three\" style=\"margin-top:10px;margin-bottom:15px;\"><h3 class=\"title-heading-left\" style=\"margin:0;\">Le parcours CADET ROUSSEL comprend un circuit qui passe dans la rue Lebeuf, juste devant Au Jardin Clos !<\/h3><\/div><div class=\"fusion-text fusion-text-4\"><p>Guillaume Joseph Rousselle, dit Cadet Roussel (1743-1807) fut un excentrique huissier fran\u00e7ais qui fut \u00e0 l&rsquo;origine de la c\u00e9l\u00e8bre chanson qui porte son nom.\u00a0 Au d\u00e9part une chanson de marche des arm\u00e9es de la R\u00e9volution, puis une comptine populaire. Un circuit pi\u00e9tonnier mat\u00e9rialis\u00e9 par des bronzes scell\u00e9s au sol permet la d\u00e9couverte du centre historique pour les amateurs de patrimoine. Ce circuit de 5 km se fait librement, chacun \u00e0 son rythme. Une brochure explicative (en fran\u00e7ais, anglais, allemand, italien et n\u00e9erlandais, disponible \u00e0 l&rsquo;Office de Tourisme d&rsquo;Auxerre) accompagne ce circuit et pr\u00e9sente les 67 curiosit\u00e9s de la ville.<\/p>\n<\/div><\/div><style type=\"text\/css\">.fusion-body .fusion-builder-column-8{width:50% !important;margin-top : 0px;margin-bottom : 20px;}.fusion-builder-column-8 > .fusion-column-wrapper {padding-top : 0px !important;padding-right : 0px !important;margin-right : 3.84%;padding-bottom : 0px !important;padding-left : 0px !important;margin-left : 3.84%;}@media only screen and (max-width:1024px) {.fusion-body .fusion-builder-column-8{width:50% !important;order : 0;}.fusion-builder-column-8 > .fusion-column-wrapper {margin-right : 3.84%;margin-left : 3.84%;}}@media only screen and (max-width:640px) {.fusion-body .fusion-builder-column-8{width:100% !important;order : 0;}.fusion-builder-column-8 > .fusion-column-wrapper {margin-right : 1.92%;margin-left : 1.92%;}}<\/style><\/div><\/div><style type=\"text\/css\">.fusion-body .fusion-flex-container.fusion-builder-row-5{ padding-top : 0px;margin-top : 50px;padding-right : 0px;padding-bottom : 0px;margin-bottom : 0px;padding-left : 0px;}<\/style><\/div><div class=\"fusion-fullwidth fullwidth-box fusion-builder-row-6 fusion-flex-container nonhundred-percent-fullwidth non-hundred-percent-height-scrolling\" style=\"background-color: rgba(255,255,255,0);background-position: center center;background-repeat: no-repeat;border-width: 0px 0px 0px 0px;border-color:#e2e2e2;border-style:solid;\" ><div class=\"fusion-builder-row fusion-row fusion-flex-align-items-flex-start\" style=\"max-width:1248px;margin-left: calc(-4% \/ 2 );margin-right: calc(-4% \/ 2 );\"><div class=\"fusion-layout-column fusion_builder_column fusion-builder-column-9 fusion_builder_column_1_2 1_2 fusion-flex-column\"><div class=\"fusion-column-wrapper fusion-flex-justify-content-flex-start fusion-content-layout-column\" style=\"background-position:left top;background-repeat:no-repeat;-webkit-background-size:cover;-moz-background-size:cover;-o-background-size:cover;background-size:cover;padding: 0px 0px 0px 0px;\"><style type=\"text\/css\">@media only screen and (max-width:1024px) {.fusion-title.fusion-title-6{margin-top:10px!important; margin-right:!important;margin-bottom:15px!important;margin-left:!important;}}@media only screen and (max-width:640px) {.fusion-title.fusion-title-6{margin-top:10px!important; margin-right:!important;margin-bottom:10px!important; margin-left:!important;}}<\/style><div class=\"fusion-title title fusion-title-6 fusion-sep-none fusion-title-text fusion-title-size-three\" style=\"margin-top:10px;margin-bottom:15px;\"><h3 class=\"title-heading-left\" style=\"margin:0;\">La place Charles Surugue (\u00e0 5 min de chez nous)<\/h3><\/div><div class=\"fusion-text fusion-text-5\"><p>La place Charles Surugue est un lieu coquet aux maisons color\u00e9es et aux nombreux commerces, id\u00e9ale pour s&rsquo;d\u00e9tendre apr\u00e8s une balade dans les ruelles de la vieille ville. Ancienne place du pilori, le charme de ce lieu reste intact.<\/p>\n<\/div><\/div><style type=\"text\/css\">.fusion-body .fusion-builder-column-9{width:50% !important;margin-top : 0px;margin-bottom : 20px;}.fusion-builder-column-9 > .fusion-column-wrapper {padding-top : 0px !important;padding-right : 0px !important;margin-right : 3.84%;padding-bottom : 0px !important;padding-left : 0px !important;margin-left : 3.84%;}@media only screen and (max-width:1024px) {.fusion-body .fusion-builder-column-9{width:50% !important;order : 0;}.fusion-builder-column-9 > .fusion-column-wrapper {margin-right : 3.84%;margin-left : 3.84%;}}@media only screen and (max-width:640px) {.fusion-body .fusion-builder-column-9{width:100% !important;order : 0;}.fusion-builder-column-9 > .fusion-column-wrapper {margin-right : 1.92%;margin-left : 1.92%;}}<\/style><\/div><div class=\"fusion-layout-column fusion_builder_column fusion-builder-column-10 fusion_builder_column_1_2 1_2 fusion-flex-column\"><div class=\"fusion-column-wrapper fusion-flex-justify-content-flex-start fusion-content-layout-column\" style=\"background-position:left top;background-repeat:no-repeat;-webkit-background-size:cover;-moz-background-size:cover;-o-background-size:cover;background-size:cover;padding: 0px 0px 0px 0px;\"><div style=\"text-align:center;\"><span class=\" fusion-imageframe imageframe-none imageframe-5 hover-type-none\"><a href=\"https:\/\/www.aujardinclos.com\/wp-content\/uploads\/2023\/03\/Place-Charles-Surugue-a-Auxerre-Au-Jardin-Clos-1.jpg\" class=\"fusion-lightbox\" data-rel=\"iLightbox[3da8ba9e064ed39216d]\" data-title=\"Place Charles Surugue \u00e0 Auxerre &#8211; Au Jardin Clos\" title=\"Place Charles Surugue \u00e0 Auxerre &#8211; Au Jardin Clos\"><img decoding=\"async\" width=\"1600\" height=\"1200\" src=\"https:\/\/www.aujardinclos.com\/wp-content\/uploads\/2023\/03\/Place-Charles-Surugue-a-Auxerre-Au-Jardin-Clos-1.jpg\" class=\"img-responsive wp-image-324\" srcset=\"https:\/\/www.aujardinclos.com\/wp-content\/uploads\/2023\/03\/Place-Charles-Surugue-a-Auxerre-Au-Jardin-Clos-1-200x150.jpg 200w, https:\/\/www.aujardinclos.com\/wp-content\/uploads\/2023\/03\/Place-Charles-Surugue-a-Auxerre-Au-Jardin-Clos-1-400x300.jpg 400w, https:\/\/www.aujardinclos.com\/wp-content\/uploads\/2023\/03\/Place-Charles-Surugue-a-Auxerre-Au-Jardin-Clos-1-600x450.jpg 600w, https:\/\/www.aujardinclos.com\/wp-content\/uploads\/2023\/03\/Place-Charles-Surugue-a-Auxerre-Au-Jardin-Clos-1-800x600.jpg 800w, https:\/\/www.aujardinclos.com\/wp-content\/uploads\/2023\/03\/Place-Charles-Surugue-a-Auxerre-Au-Jardin-Clos-1-1200x900.jpg 1200w, https:\/\/www.aujardinclos.com\/wp-content\/uploads\/2023\/03\/Place-Charles-Surugue-a-Auxerre-Au-Jardin-Clos-1.jpg 1600w\" sizes=\"(max-width: 640px) 100vw, 600px\" \/><\/a><\/span><\/div><\/div><style type=\"text\/css\">.fusion-body .fusion-builder-column-10{width:50% !important;margin-top : 0px;margin-bottom : 20px;}.fusion-builder-column-10 > .fusion-column-wrapper {padding-top : 0px !important;padding-right : 0px !important;margin-right : 3.84%;padding-bottom : 0px !important;padding-left : 0px !important;margin-left : 3.84%;}@media only screen and (max-width:1024px) {.fusion-body .fusion-builder-column-10{width:50% !important;order : 0;}.fusion-builder-column-10 > .fusion-column-wrapper {margin-right : 3.84%;margin-left : 3.84%;}}@media only screen and (max-width:640px) {.fusion-body .fusion-builder-column-10{width:100% !important;order : 0;}.fusion-builder-column-10 > .fusion-column-wrapper {margin-right : 1.92%;margin-left : 1.92%;}}<\/style><\/div><\/div><style type=\"text\/css\">.fusion-body .fusion-flex-container.fusion-builder-row-6{ padding-top : 0px;margin-top : 50px;padding-right : 0px;padding-bottom : 0px;margin-bottom : 0px;padding-left : 0px;}<\/style><\/div><div class=\"fusion-fullwidth fullwidth-box fusion-builder-row-7 fusion-flex-container nonhundred-percent-fullwidth non-hundred-percent-height-scrolling\" style=\"background-color: rgba(255,255,255,0);background-position: center center;background-repeat: no-repeat;border-width: 0px 0px 0px 0px;border-color:#e2e2e2;border-style:solid;\" ><div class=\"fusion-builder-row fusion-row fusion-flex-align-items-flex-start\" style=\"max-width:1248px;margin-left: calc(-4% \/ 2 );margin-right: calc(-4% \/ 2 );\"><div class=\"fusion-layout-column fusion_builder_column fusion-builder-column-11 fusion_builder_column_1_2 1_2 fusion-flex-column\"><div class=\"fusion-column-wrapper fusion-flex-justify-content-flex-start fusion-content-layout-column\" style=\"background-position:left top;background-repeat:no-repeat;-webkit-background-size:cover;-moz-background-size:cover;-o-background-size:cover;background-size:cover;padding: 0px 0px 0px 0px;\"><div style=\"text-align:center;\"><span class=\" fusion-imageframe imageframe-none imageframe-6 hover-type-none\"><a href=\"https:\/\/www.aujardinclos.com\/wp-content\/uploads\/2023\/03\/Quai-de-la-Republique-a-Auxerre-Au-Jardin-Clos.jpg\" class=\"fusion-lightbox\" data-rel=\"iLightbox[f9cc96ce92b8d4bfd7f]\" data-title=\"Quai de la R\u00e9publique \u00e0 Auxerre &#8211; Au Jardin Clos\" title=\"Quai de la R\u00e9publique \u00e0 Auxerre &#8211; Au Jardin Clos\"><img decoding=\"async\" width=\"1600\" height=\"1200\" src=\"https:\/\/www.aujardinclos.com\/wp-content\/uploads\/2023\/03\/Quai-de-la-Republique-a-Auxerre-Au-Jardin-Clos.jpg\" class=\"img-responsive wp-image-320\" srcset=\"https:\/\/www.aujardinclos.com\/wp-content\/uploads\/2023\/03\/Quai-de-la-Republique-a-Auxerre-Au-Jardin-Clos-200x150.jpg 200w, https:\/\/www.aujardinclos.com\/wp-content\/uploads\/2023\/03\/Quai-de-la-Republique-a-Auxerre-Au-Jardin-Clos-400x300.jpg 400w, https:\/\/www.aujardinclos.com\/wp-content\/uploads\/2023\/03\/Quai-de-la-Republique-a-Auxerre-Au-Jardin-Clos-600x450.jpg 600w, https:\/\/www.aujardinclos.com\/wp-content\/uploads\/2023\/03\/Quai-de-la-Republique-a-Auxerre-Au-Jardin-Clos-800x600.jpg 800w, https:\/\/www.aujardinclos.com\/wp-content\/uploads\/2023\/03\/Quai-de-la-Republique-a-Auxerre-Au-Jardin-Clos-1200x900.jpg 1200w, https:\/\/www.aujardinclos.com\/wp-content\/uploads\/2023\/03\/Quai-de-la-Republique-a-Auxerre-Au-Jardin-Clos.jpg 1600w\" sizes=\"(max-width: 640px) 100vw, 600px\" \/><\/a><\/span><\/div><\/div><style type=\"text\/css\">.fusion-body .fusion-builder-column-11{width:50% !important;margin-top : 0px;margin-bottom : 20px;}.fusion-builder-column-11 > .fusion-column-wrapper {padding-top : 0px !important;padding-right : 0px !important;margin-right : 3.84%;padding-bottom : 0px !important;padding-left : 0px !important;margin-left : 3.84%;}@media only screen and (max-width:1024px) {.fusion-body .fusion-builder-column-11{width:50% !important;order : 0;}.fusion-builder-column-11 > .fusion-column-wrapper {margin-right : 3.84%;margin-left : 3.84%;}}@media only screen and (max-width:640px) {.fusion-body .fusion-builder-column-11{width:100% !important;order : 0;}.fusion-builder-column-11 > .fusion-column-wrapper {margin-right : 1.92%;margin-left : 1.92%;}}<\/style><\/div><div class=\"fusion-layout-column fusion_builder_column fusion-builder-column-12 fusion_builder_column_1_2 1_2 fusion-flex-column\"><div class=\"fusion-column-wrapper fusion-flex-justify-content-flex-start fusion-content-layout-column\" style=\"background-position:left top;background-repeat:no-repeat;-webkit-background-size:cover;-moz-background-size:cover;-o-background-size:cover;background-size:cover;padding: 0px 0px 0px 0px;\"><style type=\"text\/css\">@media only screen and (max-width:1024px) {.fusion-title.fusion-title-7{margin-top:10px!important; margin-right:!important;margin-bottom:15px!important;margin-left:!important;}}@media only screen and (max-width:640px) {.fusion-title.fusion-title-7{margin-top:10px!important; margin-right:!important;margin-bottom:10px!important; margin-left:!important;}}<\/style><div class=\"fusion-title title fusion-title-7 fusion-sep-none fusion-title-text fusion-title-size-three\" style=\"margin-top:10px;margin-bottom:15px;\"><h3 class=\"title-heading-left\" style=\"margin:0;\">Les Quais d\u2019Auxerre (\u00e0 5 min de chez nous)<\/h3><\/div><div class=\"fusion-text fusion-text-6\"><p><strong>Une promenade sur le quai de la R\u00e9publique<\/strong><\/p>\n<p>Les berges de la rive droite et le port de plaisance sont le lieu parfait pour embrasser d&rsquo;un seul regard l&rsquo;ensemble des monuments embl\u00e9matiques de la ville. Ici, surplombant le quai de la Marine, la tour Saint-Jean, du XIIe si\u00e8cle, et l&rsquo;abbaye Saint-Germain, des XIIe et XIIIe si\u00e8cles.<br \/>\nDe nombreux bateaux et p\u00e9niches vous attendent pour une balade de quelques heures, une croisi\u00e8re ou un s\u00e9jour en p\u00e9niche sur l&#8217;embl\u00e9matique canal du Nivernais.<\/p>\n<\/div><\/div><style type=\"text\/css\">.fusion-body .fusion-builder-column-12{width:50% !important;margin-top : 0px;margin-bottom : 20px;}.fusion-builder-column-12 > .fusion-column-wrapper {padding-top : 0px !important;padding-right : 0px !important;margin-right : 3.84%;padding-bottom : 0px !important;padding-left : 0px !important;margin-left : 3.84%;}@media only screen and (max-width:1024px) {.fusion-body .fusion-builder-column-12{width:50% !important;order : 0;}.fusion-builder-column-12 > .fusion-column-wrapper {margin-right : 3.84%;margin-left : 3.84%;}}@media only screen and (max-width:640px) {.fusion-body .fusion-builder-column-12{width:100% !important;order : 0;}.fusion-builder-column-12 > .fusion-column-wrapper {margin-right : 1.92%;margin-left : 1.92%;}}<\/style><\/div><\/div><style type=\"text\/css\">.fusion-body .fusion-flex-container.fusion-builder-row-7{ padding-top : 0px;margin-top : 50px;padding-right : 0px;padding-bottom : 0px;margin-bottom : 0px;padding-left : 0px;}<\/style><\/div><div class=\"fusion-fullwidth fullwidth-box fusion-builder-row-8 fusion-flex-container nonhundred-percent-fullwidth non-hundred-percent-height-scrolling\" style=\"background-color: rgba(255,255,255,0);background-position: center center;background-repeat: no-repeat;border-width: 0px 0px 0px 0px;border-color:#e2e2e2;border-style:solid;\" ><div class=\"fusion-builder-row fusion-row fusion-flex-align-items-flex-start\" style=\"max-width:1248px;margin-left: calc(-4% \/ 2 );margin-right: calc(-4% \/ 2 );\"><div class=\"fusion-layout-column fusion_builder_column fusion-builder-column-13 fusion_builder_column_1_2 1_2 fusion-flex-column\"><div class=\"fusion-column-wrapper fusion-flex-justify-content-flex-start fusion-content-layout-column\" style=\"background-position:left top;background-repeat:no-repeat;-webkit-background-size:cover;-moz-background-size:cover;-o-background-size:cover;background-size:cover;padding: 0px 0px 0px 0px;\"><style type=\"text\/css\">@media only screen and (max-width:1024px) {.fusion-title.fusion-title-8{margin-top:10px!important; margin-right:!important;margin-bottom:15px!important;margin-left:!important;}}@media only screen and (max-width:640px) {.fusion-title.fusion-title-8{margin-top:10px!important; margin-right:!important;margin-bottom:10px!important; margin-left:!important;}}<\/style><div class=\"fusion-title title fusion-title-8 fusion-sep-none fusion-title-text fusion-title-size-three\" style=\"margin-top:10px;margin-bottom:15px;\"><h3 class=\"title-heading-left\" style=\"margin:0;\">Le parc de l\u2019Arbre Sec (\u00e0 15 min de chez nous)<\/h3><\/div><div class=\"fusion-text fusion-text-7\"><p>Le parc de l\u2019arbre sec se trouve le long de la rivi\u00e8re et du canal du Nivernais. Endroit r\u00eav\u00e9 pour une belle promenade \u00e0 pied, seul, en famille ou entre amis. Le stade nautique est tout proche.<\/p>\n<\/div><\/div><style type=\"text\/css\">.fusion-body .fusion-builder-column-13{width:50% !important;margin-top : 0px;margin-bottom : 20px;}.fusion-builder-column-13 > .fusion-column-wrapper {padding-top : 0px !important;padding-right : 0px !important;margin-right : 3.84%;padding-bottom : 0px !important;padding-left : 0px !important;margin-left : 3.84%;}@media only screen and (max-width:1024px) {.fusion-body .fusion-builder-column-13{width:50% !important;order : 0;}.fusion-builder-column-13 > .fusion-column-wrapper {margin-right : 3.84%;margin-left : 3.84%;}}@media only screen and (max-width:640px) {.fusion-body .fusion-builder-column-13{width:100% !important;order : 0;}.fusion-builder-column-13 > .fusion-column-wrapper {margin-right : 1.92%;margin-left : 1.92%;}}<\/style><\/div><div class=\"fusion-layout-column fusion_builder_column fusion-builder-column-14 fusion_builder_column_1_2 1_2 fusion-flex-column\"><div class=\"fusion-column-wrapper fusion-flex-justify-content-flex-start fusion-content-layout-column\" style=\"background-position:left top;background-repeat:no-repeat;-webkit-background-size:cover;-moz-background-size:cover;-o-background-size:cover;background-size:cover;padding: 0px 0px 0px 0px;\"><div style=\"text-align:center;\"><span class=\" fusion-imageframe imageframe-none imageframe-7 hover-type-none\"><a href=\"https:\/\/www.aujardinclos.com\/wp-content\/uploads\/2023\/03\/Parc-de-lArbre-sec-a-Auxerre-Au-Jardin-Clos.jpg\" class=\"fusion-lightbox\" data-rel=\"iLightbox[2be1309ee55892affe8]\" data-title=\"Parc de l&rsquo;Arbre sec \u00e0 Auxerre &#8211; Au Jardin Clos\" title=\"Parc de l&rsquo;Arbre sec \u00e0 Auxerre &#8211; Au Jardin Clos\"><img decoding=\"async\" width=\"1600\" height=\"900\" src=\"https:\/\/www.aujardinclos.com\/wp-content\/uploads\/2023\/03\/Parc-de-lArbre-sec-a-Auxerre-Au-Jardin-Clos.jpg\" class=\"img-responsive wp-image-321\" srcset=\"https:\/\/www.aujardinclos.com\/wp-content\/uploads\/2023\/03\/Parc-de-lArbre-sec-a-Auxerre-Au-Jardin-Clos-200x113.jpg 200w, https:\/\/www.aujardinclos.com\/wp-content\/uploads\/2023\/03\/Parc-de-lArbre-sec-a-Auxerre-Au-Jardin-Clos-400x225.jpg 400w, https:\/\/www.aujardinclos.com\/wp-content\/uploads\/2023\/03\/Parc-de-lArbre-sec-a-Auxerre-Au-Jardin-Clos-600x338.jpg 600w, https:\/\/www.aujardinclos.com\/wp-content\/uploads\/2023\/03\/Parc-de-lArbre-sec-a-Auxerre-Au-Jardin-Clos-800x450.jpg 800w, https:\/\/www.aujardinclos.com\/wp-content\/uploads\/2023\/03\/Parc-de-lArbre-sec-a-Auxerre-Au-Jardin-Clos-1200x675.jpg 1200w, https:\/\/www.aujardinclos.com\/wp-content\/uploads\/2023\/03\/Parc-de-lArbre-sec-a-Auxerre-Au-Jardin-Clos.jpg 1600w\" sizes=\"(max-width: 640px) 100vw, 600px\" \/><\/a><\/span><\/div><\/div><style type=\"text\/css\">.fusion-body .fusion-builder-column-14{width:50% !important;margin-top : 0px;margin-bottom : 20px;}.fusion-builder-column-14 > .fusion-column-wrapper {padding-top : 0px !important;padding-right : 0px !important;margin-right : 3.84%;padding-bottom : 0px !important;padding-left : 0px !important;margin-left : 3.84%;}@media only screen and (max-width:1024px) {.fusion-body .fusion-builder-column-14{width:50% !important;order : 0;}.fusion-builder-column-14 > .fusion-column-wrapper {margin-right : 3.84%;margin-left : 3.84%;}}@media only screen and (max-width:640px) {.fusion-body .fusion-builder-column-14{width:100% !important;order : 0;}.fusion-builder-column-14 > .fusion-column-wrapper {margin-right : 1.92%;margin-left : 1.92%;}}<\/style><\/div><\/div><style type=\"text\/css\">.fusion-body .fusion-flex-container.fusion-builder-row-8{ padding-top : 0px;margin-top : 50px;padding-right : 0px;padding-bottom : 0px;margin-bottom : 0px;padding-left : 0px;}<\/style><\/div><div class=\"fusion-fullwidth fullwidth-box fusion-builder-row-9 fusion-flex-container nonhundred-percent-fullwidth non-hundred-percent-height-scrolling\" style=\"background-color: rgba(255,255,255,0);background-position: center center;background-repeat: no-repeat;border-width: 0px 0px 0px 0px;border-color:#e2e2e2;border-style:solid;\" ><div class=\"fusion-builder-row fusion-row fusion-flex-align-items-flex-start\" style=\"max-width:1248px;margin-left: calc(-4% \/ 2 );margin-right: calc(-4% \/ 2 );\"><div class=\"fusion-layout-column fusion_builder_column fusion-builder-column-15 fusion_builder_column_1_2 1_2 fusion-flex-column\"><div class=\"fusion-column-wrapper fusion-flex-justify-content-flex-start fusion-content-layout-column\" style=\"background-position:left top;background-repeat:no-repeat;-webkit-background-size:cover;-moz-background-size:cover;-o-background-size:cover;background-size:cover;padding: 0px 0px 0px 0px;\"><div style=\"text-align:center;\"><span class=\" fusion-imageframe imageframe-none imageframe-8 hover-type-none\"><a href=\"https:\/\/www.aujardinclos.com\/wp-content\/uploads\/2023\/02\/Chablis-et-ses-vignobles.jpg\" class=\"fusion-lightbox\" data-rel=\"iLightbox[66f09858efd763e2485]\" data-title=\"Chablis et ses vignobles\" title=\"Chablis et ses vignobles\"><img decoding=\"async\" width=\"1600\" height=\"1067\" src=\"https:\/\/www.aujardinclos.com\/wp-content\/uploads\/2023\/02\/Chablis-et-ses-vignobles.jpg\" class=\"img-responsive wp-image-276\" srcset=\"https:\/\/www.aujardinclos.com\/wp-content\/uploads\/2023\/02\/Chablis-et-ses-vignobles-200x133.jpg 200w, https:\/\/www.aujardinclos.com\/wp-content\/uploads\/2023\/02\/Chablis-et-ses-vignobles-400x267.jpg 400w, https:\/\/www.aujardinclos.com\/wp-content\/uploads\/2023\/02\/Chablis-et-ses-vignobles-600x400.jpg 600w, https:\/\/www.aujardinclos.com\/wp-content\/uploads\/2023\/02\/Chablis-et-ses-vignobles-800x534.jpg 800w, https:\/\/www.aujardinclos.com\/wp-content\/uploads\/2023\/02\/Chablis-et-ses-vignobles-1200x800.jpg 1200w, https:\/\/www.aujardinclos.com\/wp-content\/uploads\/2023\/02\/Chablis-et-ses-vignobles.jpg 1600w\" sizes=\"(max-width: 640px) 100vw, 600px\" \/><\/a><\/span><\/div><\/div><style type=\"text\/css\">.fusion-body .fusion-builder-column-15{width:50% !important;margin-top : 0px;margin-bottom : 20px;}.fusion-builder-column-15 > .fusion-column-wrapper {padding-top : 0px !important;padding-right : 0px !important;margin-right : 3.84%;padding-bottom : 0px !important;padding-left : 0px !important;margin-left : 3.84%;}@media only screen and (max-width:1024px) {.fusion-body .fusion-builder-column-15{width:50% !important;order : 0;}.fusion-builder-column-15 > .fusion-column-wrapper {margin-right : 3.84%;margin-left : 3.84%;}}@media only screen and (max-width:640px) {.fusion-body .fusion-builder-column-15{width:100% !important;order : 0;}.fusion-builder-column-15 > .fusion-column-wrapper {margin-right : 1.92%;margin-left : 1.92%;}}<\/style><\/div><div class=\"fusion-layout-column fusion_builder_column fusion-builder-column-16 fusion_builder_column_1_2 1_2 fusion-flex-column\"><div class=\"fusion-column-wrapper fusion-flex-justify-content-flex-start fusion-content-layout-column\" style=\"background-position:left top;background-repeat:no-repeat;-webkit-background-size:cover;-moz-background-size:cover;-o-background-size:cover;background-size:cover;padding: 0px 0px 0px 0px;\"><style type=\"text\/css\">@media only screen and (max-width:1024px) {.fusion-title.fusion-title-9{margin-top:10px!important; margin-right:!important;margin-bottom:15px!important;margin-left:!important;}}@media only screen and (max-width:640px) {.fusion-title.fusion-title-9{margin-top:10px!important; margin-right:!important;margin-bottom:10px!important; margin-left:!important;}}<\/style><div class=\"fusion-title title fusion-title-9 fusion-sep-none fusion-title-text fusion-title-size-three\" style=\"margin-top:10px;margin-bottom:15px;\"><h3 class=\"title-heading-left\" style=\"margin:0;\">Auxerre et le vignoble de Bourgogne<\/h3><\/div><div class=\"fusion-text fusion-text-8\"><p>Du Nord au Sud, le vignoble de Bourgogne s\u2019\u00e9tend sur pr\u00e8s de 240 km d\u2019Auxerre \u00e0 M\u00e2con. Il y a autour d\u2019Auxerre de nombreux vignobles, principalement implant\u00e9s le long des vall\u00e9es de l\u2019Yonne et de ses affluents, la Cure et l\u2019Arman\u00e7on. On y d\u00e9nombre \u00e0 l\u2019heure actuelle plus de 800 hectares de vignes :<br \/>\nAOC Bourgogne Chablis<br \/>\nAOC Bourgogne Chitry<br \/>\nAOC Bourgogne Saint-Bris<br \/>\nAOC Bourgogne Irancy<br \/>\nAOC Bourgogne Coulanges La Vineuse<br \/>\nAOC Bourgogne Tonnerre<br \/>\nAOC Bourgogne V\u00e9zelay<\/p>\n<\/div><\/div><style type=\"text\/css\">.fusion-body .fusion-builder-column-16{width:50% !important;margin-top : 0px;margin-bottom : 20px;}.fusion-builder-column-16 > .fusion-column-wrapper {padding-top : 0px !important;padding-right : 0px !important;margin-right : 3.84%;padding-bottom : 0px !important;padding-left : 0px !important;margin-left : 3.84%;}@media only screen and (max-width:1024px) {.fusion-body .fusion-builder-column-16{width:50% !important;order : 0;}.fusion-builder-column-16 > .fusion-column-wrapper {margin-right : 3.84%;margin-left : 3.84%;}}@media only screen and (max-width:640px) {.fusion-body .fusion-builder-column-16{width:100% !important;order : 0;}.fusion-builder-column-16 > .fusion-column-wrapper {margin-right : 1.92%;margin-left : 1.92%;}}<\/style><\/div><\/div><style type=\"text\/css\">.fusion-body .fusion-flex-container.fusion-builder-row-9{ padding-top : 0px;margin-top : 50px;padding-right : 0px;padding-bottom : 0px;margin-bottom : 0px;padding-left : 0px;}<\/style><\/div><\/p>\n","protected":false},"excerpt":{"rendered":"","protected":false},"author":1,"featured_media":0,"parent":0,"menu_order":0,"comment_status":"closed","ping_status":"closed","template":"100-width.php","meta":{"footnotes":""},"class_list":["post-148","page","type-page","status-publish","hentry"],"_links":{"self":[{"href":"http:\/\/www.aujardinclos.com\/en\/wp-json\/wp\/v2\/pages\/148","targetHints":{"allow":["GET"]}}],"collection":[{"href":"http:\/\/www.aujardinclos.com\/en\/wp-json\/wp\/v2\/pages"}],"about":[{"href":"http:\/\/www.aujardinclos.com\/en\/wp-json\/wp\/v2\/types\/page"}],"author":[{"embeddable":true,"href":"http:\/\/www.aujardinclos.com\/en\/wp-json\/wp\/v2\/users\/1"}],"replies":[{"embeddable":true,"href":"http:\/\/www.aujardinclos.com\/en\/wp-json\/wp\/v2\/comments?post=148"}],"version-history":[{"count":27,"href":"http:\/\/www.aujardinclos.com\/en\/wp-json\/wp\/v2\/pages\/148\/revisions"}],"predecessor-version":[{"id":415,"href":"http:\/\/www.aujardinclos.com\/en\/wp-json\/wp\/v2\/pages\/148\/revisions\/415"}],"wp:attachment":[{"href":"http:\/\/www.aujardinclos.com\/en\/wp-json\/wp\/v2\/media?parent=148"}],"curies":[{"name":"wp","href":"https:\/\/api.w.org\/{rel}","templated":true}]}}